{"id":382,"date":"2015-09-17T23:35:09","date_gmt":"2015-09-17T23:35:09","guid":{"rendered":"http:\/\/eyawok.com\/coyote\/?page_id=380"},"modified":"2017-01-09T06:47:43","modified_gmt":"2017-01-09T00:47:43","slug":"servicios-redes-sociales","status":"publish","type":"page","link":"http:\/\/www.vichitex.com\/portafolio\/v4\/servicios\/servicios-redes-sociales\/","title":{"rendered":"Servicios Redes Sociales"},"content":{"rendered":"<p>[et_pb_section admin_label=&#8221;section&#8221; fullwidth=&#8221;on&#8221; specialty=&#8221;off&#8221;][et_pb_fullwidth_image admin_label=&#8221;Imagen de anchura completa&#8221; src=&#8221;http:\/\/www.vichitex.com\/portafolio\/v4\/wp-content\/uploads\/2017\/01\/vichitex-header-1.jpg&#8221; show_in_lightbox=&#8221;off&#8221; url_new_window=&#8221;off&#8221; animation=&#8221;left&#8221; use_border_color=&#8221;off&#8221; border_color=&#8221;#ffffff&#8221; border_style=&#8221;solid&#8221; use_overlay=&#8221;off&#8221;]<\/p>\n<p>[\/et_pb_fullwidth_image][\/et_pb_section][et_pb_section admin_label=&#8221;section&#8221; fullwidth=&#8221;off&#8221; specialty=&#8221;off&#8221;][et_pb_row admin_label=&#8221;row&#8221;][et_pb_column type=&#8221;4_4&#8243;][et_pb_post_title admin_label=&#8221;T\u00edtulo de publicaci\u00f3n&#8221; title=&#8221;on&#8221; meta=&#8221;off&#8221; author=&#8221;on&#8221; date=&#8221;on&#8221; categories=&#8221;on&#8221; comments=&#8221;on&#8221; featured_image=&#8221;off&#8221; featured_placement=&#8221;below&#8221; parallax_effect=&#8221;on&#8221; parallax_method=&#8221;on&#8221; text_orientation=&#8221;left&#8221; text_color=&#8221;dark&#8221; text_background=&#8221;off&#8221; text_bg_color=&#8221;rgba(255,255,255,0.9)&#8221; module_bg_color=&#8221;rgba(255,255,255,0)&#8221; use_border_color=&#8221;off&#8221; border_color=&#8221;#ffffff&#8221; border_style=&#8221;solid&#8221;]<\/p>\n<p>[\/et_pb_post_title][et_pb_text admin_label=&#8221;Texto&#8221; background_layout=&#8221;light&#8221; text_orientation=&#8221;left&#8221; use_border_color=&#8221;off&#8221; border_color=&#8221;#ffffff&#8221; border_style=&#8221;solid&#8221;]<\/p>\n<p>Son un espacio para interactuar y comunicarse con el p\u00fablico. Le ayudamos a seleccionar la red social que se adapte mejor a las necesidades de su negocio.<\/p>\n<p>[\/et_pb_text][et_pb_pricing_tables admin_label=&#8221;Tablas de precios&#8221; show_bullet=&#8221;on&#8221; center_list_items=&#8221;off&#8221; use_border_color=&#8221;off&#8221; border_color=&#8221;#ffffff&#8221; border_style=&#8221;solid&#8221; custom_button=&#8221;off&#8221; button_letter_spacing=&#8221;0&#8243; button_use_icon=&#8221;default&#8221; button_icon_placement=&#8221;right&#8221; button_on_hover=&#8221;on&#8221; button_letter_spacing_hover=&#8221;0&#8243; remove_featured_drop_shadow=&#8221;off&#8221;]<\/p>\n<p>[et_pb_pricing_table featured=&#8221;off&#8221; title=&#8221;Inicial&#8221; currency=&#8221;$&#8221; sum=&#8221;420&#8243; button_text=&#8221;PDF&#8221; header_font_select=&#8221;default&#8221; subheader_font_select=&#8221;default&#8221; price_font_select=&#8221;default&#8221; body_font_select=&#8221;default&#8221; custom_button=&#8221;off&#8221; button_font_select=&#8221;default&#8221; button_use_icon=&#8221;default&#8221; button_icon_placement=&#8221;right&#8221; button_on_hover=&#8221;on&#8221; button_url=&#8221;https:\/\/goo.gl\/o3TfZl&#8221; currency_frequency_font_select=&#8221;default&#8221; header_font=&#8221;||||&#8221; subheader_font=&#8221;||||&#8221; currency_frequency_font=&#8221;||||&#8221; price_font=&#8221;||||&#8221; body_font=&#8221;||||&#8221; button_font=&#8221;||||&#8221;]<\/p>\n<p>&#8211; Publicaci\u00f3n de art\u00edculos en la secci\u00f3n de noticias de su pagina web (blog).<br \/>\n+ Publicaci\u00f3n de 4 art\u00edculos en una red social<br \/>\n+ Publicidad en Facebook Ads y\/o Google Adwords*<br \/>\n+ Monitoreo de mensajes y comentarios en Facebook<br \/>\n+ 1 Imagen de portada en una red social (cover)<br \/>\n&#8211; Correos electr\u00f3nicos, en formato de Newsletter (bolet\u00edn informativo)<br \/>\n&#8211; Plataforma para env\u00edo de correo electr\u00f3nico<br \/>\n&#8211; Concursos<br \/>\n&#8211; Plataforma de creaci\u00f3n y gesti\u00f3n de concursos para Facebook<br \/>\n&#8211; Servicio de atenci\u00f3n al cliente.<br \/>\n&#8211; Impuesto de Ventas(5)<\/p>\n<p>[\/et_pb_pricing_table][et_pb_pricing_table featured=&#8221;off&#8221; title=&#8221;Opci\u00f3n A&#8221; currency=&#8221;$&#8221; sum=&#8221;1.6K&#8221; button_text=&#8221;PDF&#8221; header_font_select=&#8221;default&#8221; subheader_font_select=&#8221;default&#8221; price_font_select=&#8221;default&#8221; body_font_select=&#8221;default&#8221; custom_button=&#8221;off&#8221; button_font_select=&#8221;default&#8221; button_use_icon=&#8221;default&#8221; button_icon_placement=&#8221;right&#8221; button_on_hover=&#8221;on&#8221; button_url=&#8221;https:\/\/goo.gl\/kcYeyR&#8221; currency_frequency_font_select=&#8221;default&#8221; header_font=&#8221;||||&#8221; subheader_font=&#8221;||||&#8221; currency_frequency_font=&#8221;||||&#8221; price_font=&#8221;||||&#8221; body_font=&#8221;||||&#8221; button_font=&#8221;||||&#8221;]<\/p>\n<p>+ Publicaci\u00f3n de 2 art\u00edculos en la secci\u00f3n de noticias de su pagina web (blog).<br \/>\n+ Publicaci\u00f3n de 12 art\u00edculos en una red social<br \/>\n+ Publicidad en Facebook Ads y\/o Google Adwords**<br \/>\n+ Monitoreo de mensajes y comentarios en Facebook****<br \/>\n+ 1 Imagen de portada en una red social (cover)<br \/>\n+ 2 Correos electr\u00f3nicos, en formato de Newsletter (bolet\u00edn informativo)\u2021<br \/>\n+ Plataforma para env\u00edo de correo electr\u00f3nico(1)<br \/>\n+ 1 Concurso(2)<br \/>\n+ Plataforma de creaci\u00f3n y gesti\u00f3n de concursos para Facebook(4)<br \/>\n&#8211; Servicio de atenci\u00f3n al cliente.<br \/>\n&#8211; Impuesto de Ventas(5)<\/p>\n<p>[\/et_pb_pricing_table][et_pb_pricing_table featured=&#8221;on&#8221; title=&#8221;Opci\u00f3n B (6)&#8221; currency=&#8221;$+&#8221; sum=&#8221;2.5K&#8221; button_text=&#8221;Cont\u00e1ctenos&#8221; header_font_select=&#8221;default&#8221; subheader_font_select=&#8221;default&#8221; price_font_select=&#8221;default&#8221; body_font_select=&#8221;default&#8221; custom_button=&#8221;off&#8221; button_font_select=&#8221;default&#8221; button_use_icon=&#8221;default&#8221; button_icon_placement=&#8221;right&#8221; button_on_hover=&#8221;on&#8221; button_url=&#8221;http:\/\/www.miparamo.com\/danta\/#contacto&#8221; currency_frequency_font_select=&#8221;default&#8221; header_font=&#8221;||||&#8221; subheader_font=&#8221;||||&#8221; currency_frequency_font=&#8221;||||&#8221; price_font=&#8221;||||&#8221; body_font=&#8221;||||&#8221; button_font=&#8221;||||&#8221;]<\/p>\n<p>+ Publicaci\u00f3n de # art\u00edculos en la secci\u00f3n de noticias de su pagina web (blog).<br \/>\n+ Publicaci\u00f3n de # art\u00edculos en una red social<br \/>\n+ Publicidad en Facebook Ads y\/o Google Adwords<br \/>\n+ Monitoreo de mensajes y comentarios en Facebook<br \/>\n+ # Imagen de portada en una red social (cover)<br \/>\n+ # Correos electr\u00f3nicos, en formato de Newsletter (bolet\u00edn informativo)<br \/>\n+ Plataforma para env\u00edo de correo electr\u00f3nico<br \/>\n+ # Concurso<br \/>\n+ Plataforma de creaci\u00f3n y gesti\u00f3n de concursos para Facebook<br \/>\n&#8211; Servicio de atenci\u00f3n al cliente.<br \/>\n&#8211; Impuesto de Ventas(5)<\/p>\n<p>[\/et_pb_pricing_table][et_pb_pricing_table featured=&#8221;off&#8221; title=&#8221;Opci\u00f3n C&#8221; currency=&#8221;$&#8221; sum=&#8221;844&#8243; button_text=&#8221;PDF&#8221; header_font_select=&#8221;default&#8221; subheader_font_select=&#8221;default&#8221; price_font_select=&#8221;default&#8221; body_font_select=&#8221;default&#8221; custom_button=&#8221;off&#8221; button_font_select=&#8221;default&#8221; button_use_icon=&#8221;default&#8221; button_icon_placement=&#8221;right&#8221; button_on_hover=&#8221;on&#8221; button_url=&#8221;https:\/\/goo.gl\/MWMkdr&#8221; currency_frequency_font_select=&#8221;default&#8221; header_font=&#8221;||||&#8221; subheader_font=&#8221;||||&#8221; currency_frequency_font=&#8221;||||&#8221; price_font=&#8221;||||&#8221; body_font=&#8221;||||&#8221; button_font=&#8221;||||&#8221;]<\/p>\n<p>+ Publicaci\u00f3n de 2 art\u00edculos en la secci\u00f3n de noticias de su pagina web (blog).<br \/>\n+ Publicaci\u00f3n de 8 art\u00edculos en una red social<br \/>\n+ Publicidad en Facebook Ads y\/o Google Adwords***<br \/>\n&#8211; Monitoreo de mensajes y comentarios en Facebook\u2020<br \/>\n+ 1 Imagen de portada en una red social (cover)<br \/>\n+ 1 Correo electr\u00f3nico, en formato de Newsletter (bolet\u00edn informativo)\u2021<br \/>\n+ Plataforma para env\u00edo de correo electr\u00f3nico(1)<br \/>\n+ 1 Concurso(3)<br \/>\n+ Plataforma de creaci\u00f3n y gesti\u00f3n de concursos para Facebook(4)<br \/>\n&#8211; Servicio de atenci\u00f3n al cliente.<br \/>\n&#8211; Impuesto de Ventas(5)<\/p>\n<p>[\/et_pb_pricing_table]<\/p>\n<p>[\/et_pb_pricing_tables][et_pb_text admin_label=&#8221;Texto&#8221; background_layout=&#8221;light&#8221; text_orientation=&#8221;left&#8221; use_border_color=&#8221;off&#8221; border_color=&#8221;#ffffff&#8221; border_style=&#8221;solid&#8221;]<\/p>\n<p><strong>Generalidades<\/strong>:<\/p>\n<ul>\n<li>1k = 1000<\/li>\n<li>1m = 1000000<\/li>\n<li>Costos Aproximados en $ (D\u00f3lar estadounidense)<\/li>\n<li>En caso de realizar el pago en colones (CRC), se aplicara el tipo de cambio de venta del d\u00f3lar de los Estados Unidos de Am\u00e9rica seg\u00fan BCCR en la fecha en que se realiza la transacci\u00f3n<\/li>\n<li>No incluye derecho de images y\/o autor, Sesi\u00f3n fotogr\u00e1fica, edici\u00f3n o retoque de fotograf\u00edas.<\/li>\n<li>Ofrecemos <a href=\"http:\/\/www.vichitex.com\/portafolio\/v4\/descuentos\/\">Descuento<\/a><\/li>\n<li>Descuento no aplica en el precio de los materiales; ni paquete <strong>INICIAL<\/strong><\/li>\n<li>\n<p style=\"color: red;\">Precio V\u00e1lido hasta 31\/03\/2017<\/p>\n<\/li>\n<li>Todo Servicio debe cumplir las &#8220;<a href=\"http:\/\/www.vichitex.com\/legal\/index.htm\" target=\"_blank\">Restricciones de uso en servicios<\/a>&#8220;<\/li>\n<\/ul>\n<p style=\"font-size: 10px;\"><strong>Notas:<\/strong><\/p>\n<p style=\"font-size: 10px;\">* Utilizamos Facebook Ads y\/o Google Adwords como plataforma para publicidad.  Para t\u00e9rminos de estimaci\u00f3n se us\u00f3 $20 en Facebook.<br \/>\n** Utilizamos Facebook Ads y\/o Google Adwords como plataforma para publicidad.  Para t\u00e9rminos de estimaci\u00f3n se us\u00f3 $100 en Facebook.<br \/>\n*** Utilizamos Facebook Ads y\/o Google Adwords como plataforma para publicidad.  Para t\u00e9rminos de estimaci\u00f3n se us\u00f3 $50 en Facebook.<br \/>\n**** La tarifa no incluye servicio al cliente, las consultas recibidas por medio de la red social, ser\u00e1n remitidas al departamento o encargado de servicio al cliente de la empresa contratante. Para t\u00e9rminos de estimaci\u00f3n el tiempo sera distribuidos en treinta minutos por d\u00eda h\u00e1bil (Lunes &#8211; Viernes).<br \/>\n\u2020 La tarifa no incluye servicio al cliente, las consultas recibidas por medio de la red social, ser\u00e1n remitidas al departamento o encargado de servicio al cliente de la empresa contratante. Para t\u00e9rminos de estimaci\u00f3n el tiempo sera distribuidos en una hora por d\u00eda h\u00e1bil (Lunes &#8211; Viernes).<br \/>\n\u2021 Newsletter (bolet\u00edn informativo) compatible con MailChimp<br \/>\n(1) Utilizamos MailChimp y\/o benchmark como plataforma para env\u00edo de correo electr\u00f3nico, Para t\u00e9rminos de estimaci\u00f3n se us\u00f3 una cuenta en MailChimp  con servicio de hospedaje y una capacidad de env\u00edo de 2,001 \u2013 2,500 suscriptores por mes. (Valorado en $30)<br \/>\n(2) Duraci\u00f3n del concurso 15 d\u00edas. Premio(s) valorados en $100<br \/>\n(3) Duraci\u00f3n del concurso 15 d\u00edas. Premio(s) valorados en $50<br \/>\n(4) Utilizamos Bloonder y\/o Wishpond como plataforma para concurso.  Para t\u00e9rminos de estimaci\u00f3n se us\u00f3 una cuenta en Bloonder.<br \/>\n(5) Impuesto de Ventas = 13%<br \/>\n(6) Costo Aproximado; se sugiere una toma de requerimientos para entender las necesidades reales del cliente y obtener el mejor plan.<\/p>\n<p>[\/et_pb_text][\/et_pb_column][\/et_pb_row][\/et_pb_section][et_pb_section admin_label=&#8221;section&#8221; fullwidth=&#8221;on&#8221; specialty=&#8221;off&#8221;][et_pb_fullwidth_portfolio admin_label=&#8221;Portafolios de anchura completa&#8221; fullwidth=&#8221;off&#8221; show_title=&#8221;on&#8221; show_date=&#8221;on&#8221; background_layout=&#8221;light&#8221; auto=&#8221;off&#8221;]<\/p>\n<p>[\/et_pb_fullwidth_portfolio][\/et_pb_section][et_pb_section admin_label=&#8221;section&#8221; fullwidth=&#8221;off&#8221; specialty=&#8221;off&#8221;][et_pb_row admin_label=&#8221;row&#8221;][et_pb_column type=&#8221;4_4&#8243;][et_pb_text admin_label=&#8221;Texto&#8221; background_layout=&#8221;light&#8221; text_orientation=&#8221;left&#8221; use_border_color=&#8221;off&#8221; border_color=&#8221;#ffffff&#8221; border_style=&#8221;solid&#8221; text_font_size=&#8221;14&#8243;]<\/p>\n<h1>Preguntas Frecuentas<\/h1>\n<p>[\/et_pb_text][et_pb_toggle admin_label=&#8221;Paquete Sib\u00f6\u0300 bats\u00fa&#8221; title=&#8221;Paquete Inicial&#8221; open=&#8221;off&#8221; use_border_color=&#8221;off&#8221; border_color=&#8221;#ffffff&#8221; border_style=&#8221;solid&#8221;]<\/p>\n<p>\u00bfExiste un cronograma de publicaci\u00f3n en los art\u00edculos de la red social?<br \/>\nLa publicaci\u00f3n sera distribuida en uno por semana.<\/p>\n<p><strong>Gastos incluidos<\/strong>:<\/p>\n<ul>\n<li>Publicidad en Facebook ($20)<\/li>\n<\/ul>\n<p><strong>No incluye<\/strong>:<\/p>\n<ul>\n<li>Mantenimiento.<\/li>\n<li>Secciones adicionales.<\/li>\n<li>Levantado de texto o Redacci\u00f3n<\/li>\n<li>Traducci\u00f3n<\/li>\n<li>Acceso a base de datos<\/li>\n<li>Cuentas de Correo adicionales<\/li>\n<li>Acceso al servidor.<\/li>\n<li>No incluye derecho de images y\/o autor, Sesi\u00f3n fotogr\u00e1fica, edici\u00f3n o retoque de fotograf\u00edas.<\/li>\n<\/ul>\n<p>[\/et_pb_toggle][et_pb_toggle admin_label=&#8221;Paquete Opci\u00f3n A&#8221; title=&#8221;Paquete Opci\u00f3n A&#8221; open=&#8221;off&#8221; use_border_color=&#8221;off&#8221; border_color=&#8221;#ffffff&#8221; border_style=&#8221;solid&#8221;]<\/p>\n<p>\u00bfExiste un cronograma de publicaci\u00f3n en los art\u00edculos de la red social?<br \/>\nLa publicaci\u00f3n sera distribuida en tres por semana.<\/p>\n<p><strong>No incluye<\/strong>:<\/p>\n<ul>\n<li>Mantenimiento.<\/li>\n<li>Secciones adicionales.<\/li>\n<li>Levantado de texto o Redacci\u00f3n<\/li>\n<li>Traducci\u00f3n<\/li>\n<li>Cuentas de Correo adicionales<\/li>\n<li>No incluye derecho de images y\/o autor, Sesi\u00f3n fotogr\u00e1fica, edici\u00f3n o retoque de fotograf\u00edas.<\/li>\n<\/ul>\n<p>[\/et_pb_toggle][et_pb_toggle admin_label=&#8221;Paquete Opci\u00f3n B&#8221; title=&#8221;Paquete Opci\u00f3n B&#8221; open=&#8221;off&#8221; use_border_color=&#8221;off&#8221; border_color=&#8221;#ffffff&#8221; border_style=&#8221;solid&#8221;]<\/p>\n<p>El costo de este paquete depende de las necesidades de su negocio. En nuestra reunion esperamos guiarlo en la asistencia del tipo de redes sociales, boletines electr\u00f3nicos, cantidad de suscriptores, concursos y monitoreio. De esta manera la toma de requerimientos dar\u00e1 una oferta seg\u00fan estas necesidades.<\/p>\n<p>[\/et_pb_toggle][et_pb_toggle admin_label=&#8221;Paquete Opci\u00f3n C&#8221; title=&#8221;Paquete Opci\u00f3n C&#8221; open=&#8221;off&#8221; use_border_color=&#8221;off&#8221; border_color=&#8221;#ffffff&#8221; border_style=&#8221;solid&#8221;]<\/p>\n<p>\u00bfExiste un cronograma de publicaci\u00f3n en los art\u00edculos de la red social?<br \/>\nLa publicaci\u00f3n sera distribuida en dos por semana.<\/p>\n<p><strong>No incluye<\/strong>:<\/p>\n<ul>\n<li>Mantenimiento.<\/li>\n<li>Secciones adicionales.<\/li>\n<li>Levantado de texto o Redacci\u00f3n<\/li>\n<li>Traducci\u00f3n<\/li>\n<li>Cuentas de Correo adicionales<\/li>\n<li>No incluye derecho de images y\/o autor, Sesi\u00f3n fotogr\u00e1fica, edici\u00f3n o retoque de fotograf\u00edas.<\/li>\n<\/ul>\n<p>[\/et_pb_toggle][\/et_pb_column][\/et_pb_row][\/et_pb_section][et_pb_section admin_label=&#8221;Secci\u00f3n&#8221; fullwidth=&#8221;off&#8221; specialty=&#8221;off&#8221; transparent_background=&#8221;off&#8221; background_color=&#8221;#d92f2a&#8221; allow_player_pause=&#8221;off&#8221; inner_shadow=&#8221;off&#8221; parallax=&#8221;off&#8221; parallax_method=&#8221;off&#8221; padding_mobile=&#8221;off&#8221; make_fullwidth=&#8221;off&#8221; use_custom_width=&#8221;off&#8221; width_unit=&#8221;on&#8221; make_equal=&#8221;off&#8221; use_custom_gutter=&#8221;off&#8221; gutter_width=&#8221;3&#8243;][et_pb_row admin_label=&#8221;Fila&#8221;][et_pb_column type=&#8221;4_4&#8243;][et_pb_cta admin_label=&#8221;Llamada a la acci\u00f3n&#8221; title=&#8221;\u00bfDesea m\u00e1s informaci\u00f3n?&#8221; button_url=&#8221;http:\/\/www.miparamo.com\/?utm_source=vichitex&amp;utm_medium=btn&amp;utm_campaign=ladc15&#8243; url_new_window=&#8221;off&#8221; button_text=&#8221;Cont\u00e1ctenos&#8221; use_background_color=&#8221;off&#8221; background_color=&#8221;#7EBEC5&#8243; background_layout=&#8221;dark&#8221; text_orientation=&#8221;center&#8221; header_font_size=&#8221;26&#8243; body_font_size=&#8221;14&#8243; use_border_color=&#8221;off&#8221; border_color=&#8221;#ffffff&#8221; border_style=&#8221;solid&#8221; custom_button=&#8221;off&#8221; button_text_size=&#8221;20&#8243; button_border_width=&#8221;2&#8243; button_border_radius=&#8221;3&#8243; button_letter_spacing=&#8221;0&#8243; button_use_icon=&#8221;default&#8221; button_icon_placement=&#8221;right&#8221; button_on_hover=&#8221;on&#8221; button_border_radius_hover=&#8221;3&#8243; button_letter_spacing_hover=&#8221;0&#8243;]<\/p>\n<p>VichiteX es la divisi\u00f3n de La Danta y el Coyote Ltda. dedicada al arte y dise\u00f1o<\/p>\n<p>[\/et_pb_cta][\/et_pb_column][\/et_pb_row][\/et_pb_section]<\/p>","protected":false},"excerpt":{"rendered":"<p>Son un espacio para interactuar y comunicarse con el p\u00fablico. Le ayudamos a seleccionar la red social que se adapte mejor a las necesidades de su negocio. &#8211; Publicaci\u00f3n de art\u00edculos en la secci\u00f3n de noticias de su pagina web (blog). + Publicaci\u00f3n de 4 art\u00edculos en una red social + Publicidad en Facebook Ads [&hellip;]<\/p>\n","protected":false},"author":1,"featured_media":0,"parent":378,"menu_order":0,"comment_status":"closed","ping_status":"closed","template":"","meta":{"_et_pb_use_builder":"on","_et_pb_old_content":"","_et_gb_content_width":"","footnotes":""},"class_list":["post-382","page","type-page","status-publish","hentry"],"aioseo_notices":[],"_links":{"self":[{"href":"http:\/\/www.vichitex.com\/portafolio\/v4\/wp-json\/wp\/v2\/pages\/382","targetHints":{"allow":["GET"]}}],"collection":[{"href":"http:\/\/www.vichitex.com\/portafolio\/v4\/wp-json\/wp\/v2\/pages"}],"about":[{"href":"http:\/\/www.vichitex.com\/portafolio\/v4\/wp-json\/wp\/v2\/types\/page"}],"author":[{"embeddable":true,"href":"http:\/\/www.vichitex.com\/portafolio\/v4\/wp-json\/wp\/v2\/users\/1"}],"replies":[{"embeddable":true,"href":"http:\/\/www.vichitex.com\/portafolio\/v4\/wp-json\/wp\/v2\/comments?post=382"}],"version-history":[{"count":9,"href":"http:\/\/www.vichitex.com\/portafolio\/v4\/wp-json\/wp\/v2\/pages\/382\/revisions"}],"predecessor-version":[{"id":763,"href":"http:\/\/www.vichitex.com\/portafolio\/v4\/wp-json\/wp\/v2\/pages\/382\/revisions\/763"}],"up":[{"embeddable":true,"href":"http:\/\/www.vichitex.com\/portafolio\/v4\/wp-json\/wp\/v2\/pages\/378"}],"wp:attachment":[{"href":"http:\/\/www.vichitex.com\/portafolio\/v4\/wp-json\/wp\/v2\/media?parent=382"}],"curies":[{"name":"wp","href":"https:\/\/api.w.org\/{rel}","templated":true}]}}